{"id":75,"date":"2015-08-19T02:20:08","date_gmt":"2015-08-19T02:20:08","guid":{"rendered":"http:\/\/residenciajesan.com\/wordpress\/?page_id=75"},"modified":"2017-10-16T02:37:12","modified_gmt":"2017-10-16T01:37:12","slug":"servicios","status":"publish","type":"page","link":"https:\/\/residenciajesan.com\/wordpress\/servicios\/","title":{"rendered":"Servicios"},"content":{"rendered":"<p><span class=\"Estilo66\">Residencia Jes\u00e1n <\/span>ofrece una serie de servicios adaptdos a las necesidades espec\u00edficas de cada residente, aumentando su calidad de vida y facilit\u00e1ndole una atenci\u00f3n integral. Los servicios prestados por<span class=\"Estilo66\"> Jes\u00e1n<\/span>, son:<\/p>\n<ul>\n<li><span class=\"Estilo61\">Servicio m\u00e9dico permanente.<\/span><\/li>\n<li><span class=\"Estilo61\">An\u00e1lisis cl\u00ednicos.<\/span><\/li>\n<li><span class=\"Estilo61\">Servicio de enfermer\u00eda y Auxiliares de enfermer\u00eda permanente (24h. los 365 d\u00edas del a\u00f1o).<\/span><\/li>\n<li><span class=\"Estilo61\">Servicio de fisioterapia y rehabilitaci\u00f3n diario.<\/span><\/li>\n<li><span class=\"Estilo61\">Fisioterapia funcional.<\/span><\/li>\n<li><span class=\"Estilo61\">Ayudas de movilizaci\u00f3n.<\/span><\/li>\n<li><span class=\"Estilo61\">Actividades de terapia ocupacional.<\/span><\/li>\n<li><span class=\"Estilo61\">Terapia asistida con animales <\/span><span class=\"Estilo12\"><a href=\"http:\/\/residenciajesan.com\/wordpress\/terapia-animales\/\">(v\u00e9ase terapia con animales)<\/a><\/span><span class=\"Estilo61\">.<\/span><\/li>\n<li><span class=\"Estilo61\">Musicoterapia.<\/span><\/li>\n<li><span class=\"Estilo61\">Trabajamos conjuntamente en investigaci\u00f3n\u00a0junto con el INCYL a fin de dar las mejores terapias y la mejor atenci\u00f3n de forma integral a nuestros residentes.<\/span><\/li>\n<li><span class=\"Estilo61\">Clases de inform\u00e1tica para residentes v\u00e1lidos a fin de acercar a familiares y residentes a trav\u00e9s de las nuevas tecnolog\u00edas.<\/span><\/li>\n<li><span class=\"Estilo61\">Valoraciones integrales.<\/span><\/li>\n<li><span class=\"Estilo61\">Talleres de radio en los que nuestros mayores nos cuentan sus vivencias y sus inquietudes <\/span><span class=\"Estilo12\"><a href=\"http:\/\/residenciajesan.com\/wordpress\/programa-radio\">(v\u00e9ase nuestros mayores hablan)<\/a><\/span><span class=\"Estilo61\">.<\/span><\/li>\n<li><span class=\"Estilo61\">Atenci\u00f3n social prestada por asistentes sociales titulados.<\/span><\/li>\n<li><span class=\"Estilo61\">Manutenci\u00f3n alimenticia con supervisi\u00f3n m\u00e9dica, disponemos de un nutricionista que junto con el doctor del centro confecciona los men\u00fas adecu\u00e1ndolos a las necesidades espec\u00edficas de cada paciente.<\/span><\/li>\n<li><span class=\"Estilo61\">Servicios de seguridad e intercomunicaci\u00f3n adaptada.<\/span><\/li>\n<li><span class=\"Estilo61\">Servicio de lavander\u00eda permanente.<\/span><\/li>\n<li><span class=\"Estilo61\">Servicios de podolog\u00eda, peluquer\u00eda y est\u00e9tica (opcionales).<\/span><\/li>\n<li><span class=\"Estilo61\">Servicios religiosos.<\/span><\/li>\n<li><span class=\"Estilo61\">Visitas en horario cont\u00ednuo, excepto\u00a0horarios de comidas y sue\u00f1o, por el bienestar del residente. No es necesario el previo aviso para visitar a nuestros residentes.<\/span><\/li>\n<li><span class=\"Estilo61\">Parada de autob\u00fas en la puerta del centro <span class=\"Estilo12\"><a href=\"http:\/\/residenciajesan.com\/donde_estamos.html\" target=\"_self\">(v\u00e9ase d\u00f3nde estamos)<\/a><\/span>.<\/span><\/li>\n<li><span class=\"Estilo61\">Soluciones \u00fanicas para un envejecimiento activo.<\/span><\/li>\n<\/ul>\n","protected":false},"excerpt":{"rendered":"<p>Residencia Jes\u00e1n ofrece una serie de servicios adaptdos a las necesidades espec\u00edficas de cada residente, aumentando su calidad de vida y facilit\u00e1ndole una atenci\u00f3n integral. Los servicios prestados por Jes\u00e1n, son: Servicio m\u00e9dico permanente. An\u00e1lisis cl\u00ednicos. Servicio de enfermer\u00eda y Auxiliares de enfermer\u00eda permanente (24h. los 365 d\u00edas del a\u00f1o). Servicio de fisioterapia y rehabilitaci\u00f3n &hellip; <a href=\"https:\/\/residenciajesan.com\/wordpress\/servicios\/\" class=\"more-link\">Seguir leyendo <span class=\"screen-reader-text\">Servicios<\/span> <span class=\"meta-nav\">&rarr;<\/span><\/a><\/p>\n","protected":false},"author":1,"featured_media":0,"parent":0,"menu_order":0,"comment_status":"closed","ping_status":"closed","template":"template-full-width.php","meta":{"footnotes":""},"class_list":["post-75","page","type-page","status-publish","hentry"],"_links":{"self":[{"href":"https:\/\/residenciajesan.com\/wordpress\/wp-json\/wp\/v2\/pages\/75","targetHints":{"allow":["GET"]}}],"collection":[{"href":"https:\/\/residenciajesan.com\/wordpress\/wp-json\/wp\/v2\/pages"}],"about":[{"href":"https:\/\/residenciajesan.com\/wordpress\/wp-json\/wp\/v2\/types\/page"}],"author":[{"embeddable":true,"href":"https:\/\/residenciajesan.com\/wordpress\/wp-json\/wp\/v2\/users\/1"}],"replies":[{"embeddable":true,"href":"https:\/\/residenciajesan.com\/wordpress\/wp-json\/wp\/v2\/comments?post=75"}],"version-history":[{"count":4,"href":"https:\/\/residenciajesan.com\/wordpress\/wp-json\/wp\/v2\/pages\/75\/revisions"}],"predecessor-version":[{"id":210,"href":"https:\/\/residenciajesan.com\/wordpress\/wp-json\/wp\/v2\/pages\/75\/revisions\/210"}],"wp:attachment":[{"href":"https:\/\/residenciajesan.com\/wordpress\/wp-json\/wp\/v2\/media?parent=75"}],"curies":[{"name":"wp","href":"https:\/\/api.w.org\/{rel}","templated":true}]}}