{"id":88,"date":"2015-08-19T02:33:02","date_gmt":"2015-08-19T02:33:02","guid":{"rendered":"http:\/\/residenciajesan.com\/wordpress\/?page_id=88"},"modified":"2020-01-03T18:25:45","modified_gmt":"2020-01-03T17:25:45","slug":"programa-radio","status":"publish","type":"page","link":"https:\/\/residenciajesan.com\/wordpress\/programa-radio\/","title":{"rendered":"Programa de radio"},"content":{"rendered":"<p>La radio es uno de los medios de comunicaci\u00f3n m\u00e1s antiguo y que a\u00fan se sigue utilizando a d\u00eda de hoy.\u00a0Es uno de los inventos de la historia que sin duda alguna revolucion\u00f3 el mundo de la comunicaci\u00f3n.<\/p>\n<p>Ha sido, desde sus comienzos, el medio que ha logrado establecer un v\u00ednculo m\u00e1s especial con su p\u00fablico, cautivando el o\u00eddo del oyente, estimulando su imaginaci\u00f3n y generando sentimientos y emociones en todo aquel que la escucha.<\/p>\n<p>Sabemos que nuestros mayores crecieron con este medio y la importancia que tiene para ellos. Por ello\u00a0<span class=\"Estilo37\">Residencia Jes\u00e1n<\/span> en colaboraci\u00f3n con Radio Espacio\u00a0realiza habitualmente\u00a0emisiones en directo.<\/p>\n<p>En estas intervenciones no s\u00f3lo mantenemos informado a nuestro p\u00fablico de las novedades y nuevos servicios que cada d\u00eda ofrecemos, mediante entrevistas a los profesionales que trabajan en Residencia Jes\u00e1n, tambi\u00e9n hacemos que nuestros mayores cuenten sus experiencias y vivencias y puedan llevar a cabo su deseo de expresarse a trav\u00e9s de las ondas.\u00a0Su espontaneidad y especial sentimiento hacia este medio, hace\u00a0que los mayores se conviertan en los protagonistas y que\u00a0sus intervenciones sean divertidas\u00a0y queridos por todos los oyentes.<\/p>\n<p>No dude en escuchar nuestros programas, emitidos desde nuestro centro, en Radio Espacio 89.5 FM. Porque nuestros mayores\u00a0son lo primero y no dudamos en hacerles part\u00edcipe de todo aquello que les haga sentir especiales.<\/p>\n","protected":false},"excerpt":{"rendered":"<p>La radio es uno de los medios de comunicaci\u00f3n m\u00e1s antiguo y que a\u00fan se sigue utilizando a d\u00eda de hoy.\u00a0Es uno de los inventos de la historia que sin duda alguna revolucion\u00f3 el mundo de la comunicaci\u00f3n. Ha sido, desde sus comienzos, el medio que ha logrado establecer un v\u00ednculo m\u00e1s especial con su &hellip; <a href=\"https:\/\/residenciajesan.com\/wordpress\/programa-radio\/\" class=\"more-link\">Seguir leyendo <span class=\"screen-reader-text\">Programa de radio<\/span> <span class=\"meta-nav\">&rarr;<\/span><\/a><\/p>\n","protected":false},"author":1,"featured_media":0,"parent":0,"menu_order":0,"comment_status":"closed","ping_status":"closed","template":"template-full-width.php","meta":{"footnotes":""},"class_list":["post-88","page","type-page","status-publish","hentry"],"_links":{"self":[{"href":"https:\/\/residenciajesan.com\/wordpress\/wp-json\/wp\/v2\/pages\/88","targetHints":{"allow":["GET"]}}],"collection":[{"href":"https:\/\/residenciajesan.com\/wordpress\/wp-json\/wp\/v2\/pages"}],"about":[{"href":"https:\/\/residenciajesan.com\/wordpress\/wp-json\/wp\/v2\/types\/page"}],"author":[{"embeddable":true,"href":"https:\/\/residenciajesan.com\/wordpress\/wp-json\/wp\/v2\/users\/1"}],"replies":[{"embeddable":true,"href":"https:\/\/residenciajesan.com\/wordpress\/wp-json\/wp\/v2\/comments?post=88"}],"version-history":[{"count":5,"href":"https:\/\/residenciajesan.com\/wordpress\/wp-json\/wp\/v2\/pages\/88\/revisions"}],"predecessor-version":[{"id":822,"href":"https:\/\/residenciajesan.com\/wordpress\/wp-json\/wp\/v2\/pages\/88\/revisions\/822"}],"wp:attachment":[{"href":"https:\/\/residenciajesan.com\/wordpress\/wp-json\/wp\/v2\/media?parent=88"}],"curies":[{"name":"wp","href":"https:\/\/api.w.org\/{rel}","templated":true}]}}